{"id":16,"date":"2012-08-09T16:56:53","date_gmt":"2012-08-09T14:56:53","guid":{"rendered":"http:\/\/fusillo.eu\/s\/?page_id=16"},"modified":"2025-11-26T14:30:47","modified_gmt":"2025-11-26T12:30:47","slug":"der-kunstler","status":"publish","type":"page","link":"https:\/\/fusillo.eu\/s\/der-kunstler\/","title":{"rendered":"Der K\u00fcnstler"},"content":{"rendered":"<p><a href=\"https:\/\/fusillo.eu\/s\/der-kunstler\/img-20180607-wa0001\/\"><img loading=\"lazy\" decoding=\"async\" class=\"wp-image-558  alignright\" title=\"der_kuenstler\" src=\"https:\/\/fusillo.eu\/s\/wp-content\/uploads\/2018\/06\/IMG-20180607-WA0001-775x1024.jpg\" alt=\"\" width=\"163\" height=\"216\" srcset=\"https:\/\/fusillo.eu\/s\/wp-content\/uploads\/2018\/06\/IMG-20180607-WA0001-775x1024.jpg 775w, https:\/\/fusillo.eu\/s\/wp-content\/uploads\/2018\/06\/IMG-20180607-WA0001-227x300.jpg 227w, https:\/\/fusillo.eu\/s\/wp-content\/uploads\/2018\/06\/IMG-20180607-WA0001-768x1015.jpg 768w, https:\/\/fusillo.eu\/s\/wp-content\/uploads\/2018\/06\/IMG-20180607-WA0001.jpg 1208w\" sizes=\"auto, (max-width: 163px) 100vw, 163px\" \/><\/a>Zwischenmenschliche Kommunikation, die globale Kommunikation im Computerzeitalter sowie die fortschreitende Robotertechnik, bilden den thematischen Mittelpunkt der vielf\u00e4ltigen Werke des K\u00fcnstlers. Seine Installationen erz\u00e4hlen von der \u201eGeburt\u201c der Roboter, ihren Einfluss auf das menschliche Leben und unsere Gesellschaft, von \u00c4ngsten und m\u00f6glichen Gefahren, die f\u00fcr uns Menschen mit dem Fortschreiten der Technologien verbunden sind.<\/p>\n<p>Auch mittels Malerei und Objekten vertieft sich Fusillo in die Faszination der Zukunft. Seine Fresken sind eine Komposition aus Vergangenheit, Gegenwart und Zukunft. Selbst kreierte Spachtelmassen, in Kombination mit Licht und Technik, gehen mit Farbe, Form und Zeit , wie durch ein Wurmloch,&nbsp; ineinander \u00fcber.<\/p>\n<p>Interaktive Objekte laden ein zu agieren und in Kommunikation zu treten. Fusillos Objekte sind vom Betrachter ver\u00e4nderbar, lassen neue Formen entstehen und f\u00fchren zu unerwarteten Sichtweisen.<\/p>\n<p>Benny Fusillo, in Italien geboren, wuchs als Deutsch-Italiener im Ruhrgebiet auf. Fusillo ist Autodidakt, seine vielf\u00e4ltigen F\u00e4higkeiten, erworben in einer handwerklichen und einer technischen Ausbildung, flie\u00dfen ein in sein fantasievolles Schaffen.<\/p>\n<p>Seit 1996, als Freischaffender K\u00fcnstler t\u00e4tig, entstehen in seinem Dortmunder Atelier seit (M\u00e4rz 1997) immer neue Kunstvarianten zu aktuellen Themen. In dieser Zeit hatte Fusillo auch zahlreiche Ausstellungen au\u00dferhalb des eigenen Ateliers, wie z.B. bei der Deutschen Telekom, im Sonnenenergieforum der RWE im Westfalenpark Dortmund sowie im RheinRuhrZentrum in M\u00fclheim an der Ruhr und der IHK zu Dortmund.<\/p>\n<p><strong>Ausstellungen<\/strong><\/p>\n<p>30.11.1996: \u201e<em>1000+1 MEISTERWERK<\/em>\u201c Gemeinschaftsaustellung im \u201e<em>Depot<\/em>\u201c (Dortmund)<\/p>\n<p>01.03.1997: Er\u00f6ffnung der Galerie \u201e<em>Kaufkunst<\/em>\u201c (Dortmund-H\u00f6rde)<\/p>\n<p>03.10.1998: \u201e<em>Kunst, Technik, Objekte<\/em>\u201c<br>Ausstellung im Atelier des K\u00fcnstlers<\/p>\n<p>29.11.1998: \u201e<em>1000+1 MEISTERWERK<\/em>\u201c<br>Gemeinschaftsausstellung im \u201e<em>Depot<\/em>\u201c (Dortmund)<\/p>\n<p>01.09. \u2013 20.12.1998: \u201e<em>Kunst und Objekte<\/em>\u201c<br>Ausstellung im Restaurant \u201e<em>Il postiglione<\/em>\u201c (Dortmund-Bodelschwingen)<\/p>\n<p>18.10. \u2013 18.11.1999: \u201e<em>Auf gleicher Wellenl\u00e4nge<\/em>\u201c<br>Ausstellung bei der Deutschen Telekom Niederlassung 2 (Dortmund)<\/p>\n<p>01.06. \u2013 30.06.2001: \u201e<em>Lampenbilder<\/em>\u201c<br>Ausstellung in der zahn\u00e4rztlichen Gemeinschaftspraxis<br>Dr. Weinrich, Dr. Klemke, Dr. Hinterthan<\/p>\n<p>04.05. \u2013 30.06.2002: \u201e<em>Bewegte Kaufkunst<\/em>\u201c<br>Ausstellung im Restaurant S\u00fcrig (Schwerte)<\/p>\n<p>01.12.2002: \u201e<em>WIE IMMERMANN DAS SIEHT<\/em>\u201c<br>Gemeinschaftsausstellung im \u201e<em>Depot<\/em>\u201c (Dortmund)<\/p>\n<p>07.03. \u2013 13.04.2004: \u201e<em>Energiezone<\/em>\u201c<br>Ausstellung im Sonnenenergieforum<br>der RWE\/ Westfalenpark (Dortmund)<\/p>\n<p>22.06. \u2013 08.08.2004: \u201e<em>Industriekultur<\/em>\u201c<br>Gemeinschaftsausstellung Dortmunder K\u00fcnstler in der Galerie \u201e<em>Studio 34<\/em>\u201c (Dortmund)<\/p>\n<p>05.09. \u2013 14.09.2006: \u201e<em>Kommunikationszone<\/em>\u201c<br>Ausstellung im Rhein-Ruhr-Zentrum (M\u00fchlheim an der Ruhr)<\/p>\n<p>15.12.2007 \u2013 15.04.2008: \u201e<em>Kommunikationszone<\/em>\u201c<br>Ausstellung bei Horbach unabh\u00e4ngige Wirtschaftsberatung (M\u00fcnster)<br>unter der Leitung von<br>Frau Dr. Gabriele Vogelberg (Kunsthistorikerin)<\/p>\n<p>28.06.2008 \u2013 30.09.2008: \u201e<em>Kunst &amp; Technik<\/em>\u201c<br>Ausstellung bei M\u00f6bel Schwienhorst (M\u00fcnster)<br>in Gemeinschaft mit dem K\u00fcnstler Hans von L\u00fctzau<br>unter der Leitung von<br>Dr. Gabriele Vogelberg (Kunsthistorikerin)<\/p>\n<p>Ab 20.11.2008: \u201e<em>Fortschreitende Robotertechnik<\/em>\u201c<br>Dauerausstellung im Atelier des K\u00fcnstlers (Dortmund-H\u00f6rde)<\/p>\n<p>M\u00e4rz 2009: \u201e<em>Im Meer<\/em>\u201c<br>Kunstprojekt (Treppenhausgestaltung) an der Reichshof-Grundschule<br>44309 Dortmund Am Westheck 73<\/p>\n<p>18.06 \u2013 18.08.2010: \u201e<em>europ\u00e4ischeKunst2010<\/em>\u201c teil 3<br>Gemeinschaftsausstellung in der Industrie und Handelskammer zu Dortmund mit dem K\u00fcnstler Osman Xani<\/p>\n<p>13.08 \u2013 08.09.2010: \u201e<em>Nachtsymbole<\/em>\u201c<br>Gemeinschaftsausstellung mit Brigitte Broquet und Jan Heinze in der Galerie Kunstagentin<\/p>\n<p>21.11\u2013 08.12.2011: \u201e<em>Vom Fischer und seiner Frau<\/em>\u201c<br>Sonderausstellung im Atelier des K\u00fcnstlers<br>2. Preis durch Fachjury<\/p>\n<p>09.02 \u2013 27.04.2012: <a href=\"http:\/\/www.dortmund.ihk24.de\/servicemarken\/presse\/presseerklaerung\/1749504\/Vernetzte_Welten.html\" target=\"_blank\" rel=\"noopener noreferrer\">\u201e<em>Vernetzte Welt<\/em>\u201c<\/a><br>Ausstellung in der Industrie und Handelskammer zu Dortmund<br>Laudatio zur Er\u00f6ffnung von Dr. Sabine Weicherding<\/p>\n<p>07.12 \u2013 08.12.2012: \u201e<em>Rudolf Platte Filmreihe<\/em>\u201c<br>Sonderausstellung mit Lichtspielen im Schaufenster der Atelier-Galerie Kauf-Kunst<\/p>\n<p>19.10.2014: \u201eTAG DER OFFNEN ATELIERS\u201c KulturQuartier H\u00f6rde<br>Ganzt\u00e4gige Sonderausstellung im Atelier des K\u00fcnstlers<\/p>\n<p>02.07 \u2013 09.10.2015: \u201eExperiment Zukunft \u2013 Natur und Technik\u201c<br>Gemeinschaftsausstellung in der Industrie und Handelskammer zu Dortmund mit der K\u00fcnstlerin Beate Bach<\/p>\n<p>19.09.2015: \u201e15. dortmunder museums nacht\u201c<br>Ausstellung im Atelier von Benny Fusillo: Was bringt die Zukunft?<\/p>\n<p>13. \u2013 14.10.2018: \u201eSeefest 2018\u201c<br>Teilnahme am Tag der Offenen Ateliers Seefest 2018 in Dortmund<\/p>\n<p>04.10.2025: Mensch versus KI: \u00bbRundes Gespr\u00e4ch mit Ecken\u00ab<br>Er\u00f6ffnungsausstellung in dem neuen Atelier im Dortmunder Unionviertel mit dem Renaissance Duo Cinequecento.<\/p>\n\n\n<p><\/p>\n","protected":false},"excerpt":{"rendered":"<p>Zwischenmenschliche Kommunikation, die globale Kommunikation im Computerzeitalter sowie die fortschreitende Robotertechnik, bilden den thematischen Mittelpunkt der vielf\u00e4ltigen Werke des K\u00fcnstlers. Seine Installationen erz\u00e4hlen von der \u201eGeburt\u201c der Roboter, ihren Einfluss auf das menschliche Leben und unsere Gesellschaft, von \u00c4ngsten und m\u00f6glichen Gefahren, die f\u00fcr uns &hellip; <a href=\"https:\/\/fusillo.eu\/s\/der-kunstler\/\" class=\"more-link\"><span>Continue reading<span class=\"screen-reader-text\">Der K\u00fcnstler<\/span><\/span><\/a><\/p>\n","protected":false},"author":1,"featured_media":0,"parent":0,"menu_order":0,"comment_status":"closed","ping_status":"open","template":"","meta":{"ngg_post_thumbnail":0,"footnotes":""},"class_list":["post-16","page","type-page","status-publish","hentry"],"_links":{"self":[{"href":"https:\/\/fusillo.eu\/s\/wp-json\/wp\/v2\/pages\/16","targetHints":{"allow":["GET"]}}],"collection":[{"href":"https:\/\/fusillo.eu\/s\/wp-json\/wp\/v2\/pages"}],"about":[{"href":"https:\/\/fusillo.eu\/s\/wp-json\/wp\/v2\/types\/page"}],"author":[{"embeddable":true,"href":"https:\/\/fusillo.eu\/s\/wp-json\/wp\/v2\/users\/1"}],"replies":[{"embeddable":true,"href":"https:\/\/fusillo.eu\/s\/wp-json\/wp\/v2\/comments?post=16"}],"version-history":[{"count":20,"href":"https:\/\/fusillo.eu\/s\/wp-json\/wp\/v2\/pages\/16\/revisions"}],"predecessor-version":[{"id":669,"href":"https:\/\/fusillo.eu\/s\/wp-json\/wp\/v2\/pages\/16\/revisions\/669"}],"wp:attachment":[{"href":"https:\/\/fusillo.eu\/s\/wp-json\/wp\/v2\/media?parent=16"}],"curies":[{"name":"wp","href":"https:\/\/api.w.org\/{rel}","templated":true}]}}